{"id":665,"date":"2021-05-19T13:02:02","date_gmt":"2021-05-19T11:02:02","guid":{"rendered":"http:\/\/suryn.pl\/?page_id=665"},"modified":"2021-05-21T15:41:44","modified_gmt":"2021-05-21T13:41:44","slug":"strona-202-i-203","status":"publish","type":"page","link":"http:\/\/suryn.pl\/index.php\/strona-202-i-203\/","title":{"rendered":"Strona 202 i 203"},"content":{"rendered":"\n<pre class=\"wp-block-verse\" style=\"font-size:17px\"><strong>***<\/strong>\nnagi \u015bpiew na nagich\nwzg\u00f3rzach\nto przezroczysta t\u0119sknota\ni rajska pami\u0119\u0107\ncz\u0142owiek i zwierz\n\u0142aska i stworzenie -\nr\u00f3b swoje\ni ufaj jak potrafisz\nnajmocniej<\/pre>\n\n\n\n<div style=\"height:77px\" aria-hidden=\"true\" class=\"wp-block-spacer\"><\/div>\n\n\n\n<div style=\"height:272px\" aria-hidden=\"true\" class=\"wp-block-spacer\"><\/div>\n\n\n\n<pre class=\"wp-block-verse\" style=\"font-size:17px\"><strong>ksi\u0119\u017cyc i wiatr<\/strong>\n<strong>&nbsp;<\/strong>\nza du\u017co w\u0105tpliwo\u015bci\nlepiej zamilkn\u0105\u0107\nwi\u0119c oddycham\ni patrz\u0119\npo\u0142ykam ksi\u0119\u017cyc\nwiatr mnie unosi\ni tak jak w ba\u015bni\nka\u017cda litera\nobjawiona\nw\u0105\u017c w\u0105tpliwo\u015bci\nmartwy\n\n<\/pre>\n\n\n\n<p class=\"has-text-align-right\"><a href=\"http:\/\/suryn.pl\/index.php\/strona-200-i-201\/\" data-type=\"URL\" data-id=\"http:\/\/suryn.pl\/index.php\/strona-200-i-201\/\">Poprzednia<\/a>&nbsp; <a href=\"http:\/\/suryn.pl\/index.php\/strona-204-i-205\/\" data-type=\"URL\" data-id=\"http:\/\/suryn.pl\/index.php\/strona-204-i-205\/\">Nast\u0119pna<\/a><\/p>\n\n\n\n<div style=\"height:100px\" aria-hidden=\"true\" class=\"wp-block-spacer\"><\/div>\n\n\n\n<div style=\"height:100px\" aria-hidden=\"true\" class=\"wp-block-spacer\"><\/div>\n","protected":false},"excerpt":{"rendered":"<p>*** nagi \u015bpiew na nagich wzg\u00f3rzach to przezroczysta t\u0119sknota i rajska pami\u0119\u0107 cz\u0142owiek i zwierz \u0142aska i stworzenie &#8211; r\u00f3b swoje i ufaj jak potrafisz najmocniej ksi\u0119\u017cyc i wiatr &nbsp; za du\u017co w\u0105tpliwo\u015bci lepiej zamilkn\u0105\u0107 wi\u0119c oddycham i patrz\u0119 po\u0142ykam ksi\u0119\u017cyc wiatr mnie unosi i tak jak w ba\u015bni ka\u017cda litera objawiona w\u0105\u017c w\u0105tpliwo\u015bci martwy Poprzednia&nbsp; Nast\u0119pna<\/p>\n","protected":false},"author":1,"featured_media":0,"parent":0,"menu_order":0,"comment_status":"closed","ping_status":"closed","template":"","meta":{"footnotes":""},"class_list":["post-665","page","type-page","status-publish","hentry"],"_links":{"self":[{"href":"http:\/\/suryn.pl\/index.php\/wp-json\/wp\/v2\/pages\/665","targetHints":{"allow":["GET"]}}],"collection":[{"href":"http:\/\/suryn.pl\/index.php\/wp-json\/wp\/v2\/pages"}],"about":[{"href":"http:\/\/suryn.pl\/index.php\/wp-json\/wp\/v2\/types\/page"}],"author":[{"embeddable":true,"href":"http:\/\/suryn.pl\/index.php\/wp-json\/wp\/v2\/users\/1"}],"replies":[{"embeddable":true,"href":"http:\/\/suryn.pl\/index.php\/wp-json\/wp\/v2\/comments?post=665"}],"version-history":[{"count":8,"href":"http:\/\/suryn.pl\/index.php\/wp-json\/wp\/v2\/pages\/665\/revisions"}],"predecessor-version":[{"id":1539,"href":"http:\/\/suryn.pl\/index.php\/wp-json\/wp\/v2\/pages\/665\/revisions\/1539"}],"wp:attachment":[{"href":"http:\/\/suryn.pl\/index.php\/wp-json\/wp\/v2\/media?parent=665"}],"curies":[{"name":"wp","href":"https:\/\/api.w.org\/{rel}","templated":true}]}}