{"id":547,"date":"2021-05-19T11:20:42","date_gmt":"2021-05-19T09:20:42","guid":{"rendered":"http:\/\/suryn.pl\/?page_id=547"},"modified":"2021-05-21T15:37:31","modified_gmt":"2021-05-21T13:37:31","slug":"strona-146-i-147","status":"publish","type":"page","link":"http:\/\/suryn.pl\/index.php\/strona-146-i-147\/","title":{"rendered":"Strona 146 i 147"},"content":{"rendered":"\n<pre class=\"wp-block-verse\" style=\"font-size:17px\"><strong>***<\/strong>\n\u0142yka\u0142 dym\nomijaj\u0105c powietrze\nukrzy\u017cowany na wietrze\nmodli\u0142 si\u0119\ndo B\u00f3g wie kogo\no wiar\u0119 jak ska\u0142a b\u0105d\u017a nieistnienie\nzmys\u0142y oszukiwa\u0142y\nlecz by\u0142y najcenniejsze\nod jego decyzji\nzale\u017ca\u0142 \u015bwiat<\/pre>\n\n\n\n<div style=\"height:62px\" aria-hidden=\"true\" class=\"wp-block-spacer\"><\/div>\n\n\n\n<pre class=\"wp-block-verse\" style=\"font-size:17px\"><strong>polowanie na po\u0142ow\u0119<\/strong>\nbom p\u00f3\u0142sierota z niedorobionym \u015bwiatem\nkaleka w wierze\ninwalida w mocy\na wiem, \u017ce jest ona \u2013 moja druga po\u0142owa\ndaleko ja\u015bniejsza,\nz kt\u00f3r\u0105 po\u0142\u0105czony dopiero by\u0142bym\nsob\u0105<\/pre>\n\n\n\n<p class=\"has-text-align-right\"><a href=\"http:\/\/suryn.pl\/index.php\/strona-144-i-145\/\" data-type=\"URL\" data-id=\"http:\/\/suryn.pl\/index.php\/strona-144-i-145\/\">Poprzednia<\/a>&nbsp; <a href=\"http:\/\/suryn.pl\/index.php\/strona-148-i-149\/\" data-type=\"URL\" data-id=\"http:\/\/suryn.pl\/index.php\/strona-148-i-149\/\">Nast\u0119pna<\/a><\/p>\n\n\n\n<div style=\"height:100px\" aria-hidden=\"true\" class=\"wp-block-spacer\"><\/div>\n","protected":false},"excerpt":{"rendered":"<p>*** \u0142yka\u0142 dym omijaj\u0105c powietrze ukrzy\u017cowany na wietrze modli\u0142 si\u0119 do B\u00f3g wie kogo o wiar\u0119 jak ska\u0142a b\u0105d\u017a nieistnienie zmys\u0142y oszukiwa\u0142y lecz by\u0142y najcenniejsze od jego decyzji zale\u017ca\u0142 \u015bwiat polowanie na po\u0142ow\u0119 bom p\u00f3\u0142sierota z niedorobionym \u015bwiatem kaleka w wierze inwalida w mocy a wiem, \u017ce jest ona \u2013 moja druga po\u0142owa daleko ja\u015bniejsza, z kt\u00f3r\u0105 po\u0142\u0105czony dopiero by\u0142bym &#8230;<\/p>\n","protected":false},"author":1,"featured_media":0,"parent":0,"menu_order":0,"comment_status":"closed","ping_status":"closed","template":"","meta":{"footnotes":""},"class_list":["post-547","page","type-page","status-publish","hentry"],"_links":{"self":[{"href":"http:\/\/suryn.pl\/index.php\/wp-json\/wp\/v2\/pages\/547","targetHints":{"allow":["GET"]}}],"collection":[{"href":"http:\/\/suryn.pl\/index.php\/wp-json\/wp\/v2\/pages"}],"about":[{"href":"http:\/\/suryn.pl\/index.php\/wp-json\/wp\/v2\/types\/page"}],"author":[{"embeddable":true,"href":"http:\/\/suryn.pl\/index.php\/wp-json\/wp\/v2\/users\/1"}],"replies":[{"embeddable":true,"href":"http:\/\/suryn.pl\/index.php\/wp-json\/wp\/v2\/comments?post=547"}],"version-history":[{"count":4,"href":"http:\/\/suryn.pl\/index.php\/wp-json\/wp\/v2\/pages\/547\/revisions"}],"predecessor-version":[{"id":1527,"href":"http:\/\/suryn.pl\/index.php\/wp-json\/wp\/v2\/pages\/547\/revisions\/1527"}],"wp:attachment":[{"href":"http:\/\/suryn.pl\/index.php\/wp-json\/wp\/v2\/media?parent=547"}],"curies":[{"name":"wp","href":"https:\/\/api.w.org\/{rel}","templated":true}]}}