{"id":541,"date":"2021-05-19T11:19:15","date_gmt":"2021-05-19T09:19:15","guid":{"rendered":"http:\/\/suryn.pl\/?page_id=541"},"modified":"2021-05-20T19:38:33","modified_gmt":"2021-05-20T17:38:33","slug":"strona-144-i-145","status":"publish","type":"page","link":"http:\/\/suryn.pl\/index.php\/strona-144-i-145\/","title":{"rendered":"Strona 144 i 145"},"content":{"rendered":"\n<pre class=\"wp-block-verse\" style=\"font-size:17px\"><strong>***<\/strong>\nPo co\u015b mnie budzi\u0142?\nby do starych doda\u0107\nw\u0105tpliwo\u015bci nowe?\nminut mam pilnowa\u0107\nkt\u00f3re coraz cia\u015bniejszym obiegaj\u0105\nko\u0142em?\nDuchu kt\u00f3remu ufam\ncho\u0107 nie poj\u0105\u0142em\nstar\u0105 ziemi\u0119 mi odebra\u0142e\u015b\nza\u015b niebo jak by\u0142o\ntak jest wysoko<\/pre>\n\n\n\n<div style=\"height:164px\" aria-hidden=\"true\" class=\"wp-block-spacer\"><\/div>\n\n\n\n<pre class=\"wp-block-verse\" style=\"font-size:17px\"><strong>***<\/strong>\nJe\u015bli nie umiesz p\u0142ywa\u0107\nid\u017a po dnie -\nus\u0142ysza\u0142am, gdy wydawa\u0142o si\u0119\n\u017ce jestem na amen pogrzebany\nw katakumbach miasta<\/pre>\n\n\n\n<p class=\"has-text-align-right\"><a href=\"http:\/\/suryn.pl\/index.php\/strona-142-i-143\/\" data-type=\"URL\" data-id=\"http:\/\/suryn.pl\/index.php\/strona-142-i-143\/\">Poprzednia<\/a>&nbsp; <a href=\"http:\/\/suryn.pl\/index.php\/strona-146-i-147\/\" data-type=\"URL\" data-id=\"http:\/\/suryn.pl\/index.php\/strona-146-i-147\/\">Nast\u0119pna<\/a><\/p>\n\n\n\n<div style=\"height:297px\" aria-hidden=\"true\" class=\"wp-block-spacer\"><\/div>\n","protected":false},"excerpt":{"rendered":"<p>*** Po co\u015b mnie budzi\u0142? by do starych doda\u0107 w\u0105tpliwo\u015bci nowe? minut mam pilnowa\u0107 kt\u00f3re coraz cia\u015bniejszym obiegaj\u0105 ko\u0142em? Duchu kt\u00f3remu ufam cho\u0107 nie poj\u0105\u0142em star\u0105 ziemi\u0119 mi odebra\u0142e\u015b za\u015b niebo jak by\u0142o tak jest wysoko *** Je\u015bli nie umiesz p\u0142ywa\u0107 id\u017a po dnie &#8211; us\u0142ysza\u0142am, gdy wydawa\u0142o si\u0119 \u017ce jestem na amen pogrzebany w katakumbach miasta Poprzednia&nbsp; Nast\u0119pna<\/p>\n","protected":false},"author":1,"featured_media":0,"parent":0,"menu_order":0,"comment_status":"closed","ping_status":"closed","template":"","meta":{"footnotes":""},"class_list":["post-541","page","type-page","status-publish","hentry"],"_links":{"self":[{"href":"http:\/\/suryn.pl\/index.php\/wp-json\/wp\/v2\/pages\/541","targetHints":{"allow":["GET"]}}],"collection":[{"href":"http:\/\/suryn.pl\/index.php\/wp-json\/wp\/v2\/pages"}],"about":[{"href":"http:\/\/suryn.pl\/index.php\/wp-json\/wp\/v2\/types\/page"}],"author":[{"embeddable":true,"href":"http:\/\/suryn.pl\/index.php\/wp-json\/wp\/v2\/users\/1"}],"replies":[{"embeddable":true,"href":"http:\/\/suryn.pl\/index.php\/wp-json\/wp\/v2\/comments?post=541"}],"version-history":[{"count":7,"href":"http:\/\/suryn.pl\/index.php\/wp-json\/wp\/v2\/pages\/541\/revisions"}],"predecessor-version":[{"id":1202,"href":"http:\/\/suryn.pl\/index.php\/wp-json\/wp\/v2\/pages\/541\/revisions\/1202"}],"wp:attachment":[{"href":"http:\/\/suryn.pl\/index.php\/wp-json\/wp\/v2\/media?parent=541"}],"curies":[{"name":"wp","href":"https:\/\/api.w.org\/{rel}","templated":true}]}}