{"id":477,"date":"2021-05-19T10:15:33","date_gmt":"2021-05-19T08:15:33","guid":{"rendered":"http:\/\/suryn.pl\/?page_id=477"},"modified":"2021-05-21T15:30:42","modified_gmt":"2021-05-21T13:30:42","slug":"strona-114-i-115","status":"publish","type":"page","link":"http:\/\/suryn.pl\/index.php\/strona-114-i-115\/","title":{"rendered":"Strona 114 i 115"},"content":{"rendered":"\n<pre class=\"wp-block-verse\" style=\"font-size:17px\"><strong>Pami\u0119ci Brunona z Kwerfurtu<\/strong>\nS\u0142o\u0144ce chybota\u0142o si\u0119 nad jeziorem\n\u015bwiat rozbiera\u0142 si\u0119 na naszych oczach\npili\u015bmy w\u00f3dk\u0119 \u2013 Wojtek, Agnieszka i ja\nna wzg\u00f3rzu za miastem pod krzy\u017cem \u015bw. Brunona\nfenomeny p\u0119cznia\u0142y, s\u0142owa nazywa\u0142y\ngesty znaczy\u0142y. \u00d3w dzielny Brunon\nzgin\u0105 w\u0142a\u015bnie tu, bo zachowa\u0142 si\u0119\nnieprzystojnie, obrazi\u0142 tubylc\u00f3w,\nwi\u0119c naszpikowali go w\u0142\u00f3czniami\nuwalniaj\u0105c gorliw\u0105 dusz\u0119\na cia\u0142o pod nami\nsp\u0142yn\u0119\u0142o wodami do jeziora\nkilka kropel w\u00f3dki na kamie\u0144\n\u015bmiech Wojtka, para \u0142ab\u0119dzi p\u0142ynie i p\u0142ynie\nAgnieszka zaci\u0105ga si\u0119 dymem a\u017c do st\u00f3p\ni co\u015b m\u00f3wi\nja ju\u017c nad ziemi\u0105 widz\u0119 o wiele za du\u017co\nHeraklit, Brunon, Chrystus\ni dziesi\u0119\u0107 tysi\u0119cy istnie\u0144 \u015bpiewa pie\u015b\u0144\nwielkiego uwolnienia\njaki ja \u2013 taki \u015bwiat\nta\u0144cz\u0105 elementy\nsfery przygrywaj\u0105\nw\u0119dkarz macha ku nam\nr\u0119k\u0105, za chwil\u0119 brzegiem jeziora\nprzejedzie poci\u0105g. Zapyta\u0142em Oczywisto\u015b\u0107 -\nco mam zrobi\u0107? Us\u0142ysza\u0142em wilg\u0119 i szept\n&nbsp;&nbsp;&nbsp;&nbsp;&nbsp;&nbsp;&nbsp;&nbsp;&nbsp;&nbsp;&nbsp;&nbsp;- Pu\u015b\u0107 to czego nie ma<\/pre>\n\n\n\n<pre class=\"wp-block-verse\" style=\"font-size:17px\"><strong>sp\u0142oszony owal<\/strong>\ndzie\u0144 w trwodze dos\u0142owny\nbudzi\u0142 si\u0119 sposobem fenickiego kochanka\npodparty\nna wezg\u0142owiu kamienia\ni tak w senne usta\n\u0142apiesz\nsp\u0142oszony owal\n<\/pre>\n\n\n\n<p class=\"has-text-align-right\"><a href=\"http:\/\/suryn.pl\/index.php\/strona-112-i-113\/\" data-type=\"URL\" data-id=\"http:\/\/suryn.pl\/index.php\/strona-112-i-113\/\">Poprzednia<\/a>\u00a0 <a href=\"http:\/\/suryn.pl\/index.php\/strona-116-i-117\/\" data-type=\"URL\" data-id=\"http:\/\/suryn.pl\/index.php\/strona-116-i-117\/\">Nast\u0119pna<\/a><\/p>\n\n\n\n<div style=\"height:500px\" aria-hidden=\"true\" class=\"wp-block-spacer\"><\/div>\n","protected":false},"excerpt":{"rendered":"<p>Pami\u0119ci Brunona z Kwerfurtu S\u0142o\u0144ce chybota\u0142o si\u0119 nad jeziorem \u015bwiat rozbiera\u0142 si\u0119 na naszych oczach pili\u015bmy w\u00f3dk\u0119 \u2013 Wojtek, Agnieszka i ja na wzg\u00f3rzu za miastem pod krzy\u017cem \u015bw. Brunona fenomeny p\u0119cznia\u0142y, s\u0142owa nazywa\u0142y gesty znaczy\u0142y. \u00d3w dzielny Brunon zgin\u0105 w\u0142a\u015bnie tu, bo zachowa\u0142 si\u0119 nieprzystojnie, obrazi\u0142 tubylc\u00f3w, wi\u0119c naszpikowali go w\u0142\u00f3czniami uwalniaj\u0105c gorliw\u0105 dusz\u0119 a cia\u0142o pod nami sp\u0142yn\u0119\u0142o &#8230;<\/p>\n","protected":false},"author":1,"featured_media":0,"parent":0,"menu_order":0,"comment_status":"closed","ping_status":"closed","template":"","meta":{"footnotes":""},"class_list":["post-477","page","type-page","status-publish","hentry"],"_links":{"self":[{"href":"http:\/\/suryn.pl\/index.php\/wp-json\/wp\/v2\/pages\/477","targetHints":{"allow":["GET"]}}],"collection":[{"href":"http:\/\/suryn.pl\/index.php\/wp-json\/wp\/v2\/pages"}],"about":[{"href":"http:\/\/suryn.pl\/index.php\/wp-json\/wp\/v2\/types\/page"}],"author":[{"embeddable":true,"href":"http:\/\/suryn.pl\/index.php\/wp-json\/wp\/v2\/users\/1"}],"replies":[{"embeddable":true,"href":"http:\/\/suryn.pl\/index.php\/wp-json\/wp\/v2\/comments?post=477"}],"version-history":[{"count":8,"href":"http:\/\/suryn.pl\/index.php\/wp-json\/wp\/v2\/pages\/477\/revisions"}],"predecessor-version":[{"id":1505,"href":"http:\/\/suryn.pl\/index.php\/wp-json\/wp\/v2\/pages\/477\/revisions\/1505"}],"wp:attachment":[{"href":"http:\/\/suryn.pl\/index.php\/wp-json\/wp\/v2\/media?parent=477"}],"curies":[{"name":"wp","href":"https:\/\/api.w.org\/{rel}","templated":true}]}}