{"id":474,"date":"2021-05-19T10:13:28","date_gmt":"2021-05-19T08:13:28","guid":{"rendered":"http:\/\/suryn.pl\/?page_id=474"},"modified":"2021-05-19T18:10:34","modified_gmt":"2021-05-19T16:10:34","slug":"strona-112-i-113","status":"publish","type":"page","link":"http:\/\/suryn.pl\/index.php\/strona-112-i-113\/","title":{"rendered":"Strona 112 i 113"},"content":{"rendered":"\n<pre class=\"wp-block-verse\" style=\"font-size:17px\"><strong>Collage dla Europy<\/strong>\no Europo! twe pomy\u0142ki wiecznie \u017cywe\nFrancoise \u015bpiewa \u2013 zacznij rewolucj\u0119 od serca\np\u0142aczesz?\n&nbsp;\nniekt\u00f3rzy my\u015bl\u0105 \u017ce Bastylia mia\u0142a mury z piernika\ntwe stare rzeki parki kawiarnie \u2013 coraz wolniej ta\u0144cz\u0105\na poczwary z katedry Notre Dame drapi\u0105 \u0142uskami czas\n&nbsp;\njaj m\u0142ode piersi w s\u0142o\u0144cu i twoje\ngazety rewolucje dworce hymny\n\u017cegnam Europo! \u015bpiewam i zapominam\nzapominam\na jednak pluszowe sukna wci\u0105\u017c okre\u015blaj\u0105 sen a Wezuwiusz\nrozdziera poranek\nzapominam!\n&nbsp;\nprawda toczy si\u0119 po go\u015bci\u0144cach \u2013 miasta wiecznie g\u0142odne\ntysi\u0105c twoich pomylonych \u015bwiat\u00f3w tysi\u0105c bog\u00f3w\nto pokornych to niemych\ntwoi synowie umieraj\u0105cy przypadkiem\nNowy Jork tak nie powie \u2013 czy pami\u0119ta\n\u017ce rynsztokiem Main Street sp\u0142ywa woda alpejskiego lodowca?\n&nbsp;\nkwiecie\u0144 by\u0142 przezroczysty ona w lekkiej sukience\ngdzie by\u0142am ja?\n&nbsp;\nteraz czai si\u0119 we mnie omsza\u0142y sen garbusa\nPetersburg Moguncja Londyn Praga \u2013 szukaj mnie B\u00f3g wie gdzie\nEuropo!\n&nbsp;\nzu\u017cyta si\u0142a baszt \u2013 och! ile ksi\u0119\u017cyca?!\ndla ciebie p\u0142acz\u0119 na scenach kwiaty rzucam kobietom i pomnikom\npij\u0119 wino w parkach pal\u0119 twoje ksi\u0105\u017cki i zapominam\n&nbsp;\nca\u0142e miasto toczy si\u0119 zgrzytaj\u0105cym ko\u0142em\nw przepa\u015b\u0107\nwidz\u0119 coraz bli\u017cej dzie\u0144 kiedy sama zapomnisz\nmnie - we wszystkich swoich j\u0119zykach\n&nbsp;\nEuropo!\n<em>&nbsp;&nbsp;&nbsp;&nbsp;&nbsp;&nbsp;&nbsp;&nbsp;&nbsp;&nbsp;&nbsp;&nbsp;Sulima-Suryn, Darski<\/em><\/pre>\n\n\n\n<p class=\"has-text-align-right\"><a href=\"http:\/\/suryn.pl\/index.php\/strona-110-i-111\/\" data-type=\"URL\" data-id=\"http:\/\/suryn.pl\/index.php\/strona-110-i-111\/\">Poprzednia<\/a>\u00a0 <a href=\"http:\/\/suryn.pl\/index.php\/strona-114-i-115\/\" data-type=\"URL\" data-id=\"http:\/\/suryn.pl\/index.php\/strona-114-i-115\/\">Nast\u0119pna<\/a><\/p>\n","protected":false},"excerpt":{"rendered":"<p>Collage dla Europy o Europo! twe pomy\u0142ki wiecznie \u017cywe Francoise \u015bpiewa \u2013 zacznij rewolucj\u0119 od serca p\u0142aczesz? &nbsp; niekt\u00f3rzy my\u015bl\u0105 \u017ce Bastylia mia\u0142a mury z piernika twe stare rzeki parki kawiarnie \u2013 coraz wolniej ta\u0144cz\u0105 a poczwary z katedry Notre Dame drapi\u0105 \u0142uskami czas &nbsp; jaj m\u0142ode piersi w s\u0142o\u0144cu i twoje gazety rewolucje dworce hymny \u017cegnam Europo! \u015bpiewam i &#8230;<\/p>\n","protected":false},"author":1,"featured_media":0,"parent":0,"menu_order":0,"comment_status":"closed","ping_status":"closed","template":"","meta":{"footnotes":""},"class_list":["post-474","page","type-page","status-publish","hentry"],"_links":{"self":[{"href":"http:\/\/suryn.pl\/index.php\/wp-json\/wp\/v2\/pages\/474","targetHints":{"allow":["GET"]}}],"collection":[{"href":"http:\/\/suryn.pl\/index.php\/wp-json\/wp\/v2\/pages"}],"about":[{"href":"http:\/\/suryn.pl\/index.php\/wp-json\/wp\/v2\/types\/page"}],"author":[{"embeddable":true,"href":"http:\/\/suryn.pl\/index.php\/wp-json\/wp\/v2\/users\/1"}],"replies":[{"embeddable":true,"href":"http:\/\/suryn.pl\/index.php\/wp-json\/wp\/v2\/comments?post=474"}],"version-history":[{"count":3,"href":"http:\/\/suryn.pl\/index.php\/wp-json\/wp\/v2\/pages\/474\/revisions"}],"predecessor-version":[{"id":801,"href":"http:\/\/suryn.pl\/index.php\/wp-json\/wp\/v2\/pages\/474\/revisions\/801"}],"wp:attachment":[{"href":"http:\/\/suryn.pl\/index.php\/wp-json\/wp\/v2\/media?parent=474"}],"curies":[{"name":"wp","href":"https:\/\/api.w.org\/{rel}","templated":true}]}}