{"id":2413,"date":"2021-10-20T23:03:54","date_gmt":"2021-10-20T21:03:54","guid":{"rendered":"http:\/\/suryn.pl\/?page_id=2413"},"modified":"2021-10-21T21:59:15","modified_gmt":"2021-10-21T19:59:15","slug":"2413-2","status":"publish","type":"page","link":"http:\/\/suryn.pl\/index.php\/2413-2\/","title":{"rendered":""},"content":{"rendered":"\n<p><\/p>\n\n\n\n<h2 class=\"wp-block-heading\"><strong>Z<\/strong>apomnia\u0142em<\/h2>\n\n\n\n<h2 class=\"wp-block-heading\">po co tu jestem<\/h2>\n\n\n\n<h2 class=\"wp-block-heading\">i gdyby nie b\u00f3l<\/h2>\n\n\n\n<h2 class=\"wp-block-heading\">i t\u0119sknota wi\u0119ksza od wszystkiego<\/h2>\n\n\n\n<h2 class=\"wp-block-heading\">zgin\u0105\u0142bym marnie<\/h2>\n\n\n\n<h2 class=\"wp-block-heading\">w \u015brodku piek\u0142a<\/h2>\n\n\n\n<h2 class=\"wp-block-heading\">po\u017carty przez smoka<\/h2>\n\n\n\n<h2 class=\"wp-block-heading\">b\u00f3l by\u0142 pos\u0142a\u0144cem<\/h2>\n\n\n\n<h2 class=\"wp-block-heading\">od ojca<\/h2>\n\n\n\n<h2 class=\"wp-block-heading\">ni\u00f3s\u0142 ostrze\u017cenie<\/h2>\n\n\n\n<h2 class=\"wp-block-heading\">&#8211; synu, obud\u017a si\u0119,<\/h2>\n\n\n\n<h2 class=\"wp-block-heading\">pami\u0119taj o misji!<\/h2>\n\n\n\n<h2 class=\"wp-block-heading\">zapomnia\u0142em o klejnocie<\/h2>\n\n\n\n<h2 class=\"wp-block-heading\">z kt\u00f3rym mia\u0142em wr\u00f3ci\u0107<\/h2>\n\n\n\n<h2 class=\"wp-block-heading\">omotany ciemno\u015bci\u0105<\/h2>\n\n\n\n<h2 class=\"wp-block-heading\">upojony winem<\/h2>\n\n\n\n<h2 class=\"wp-block-heading\">i fa\u0142szywym blaskiem<\/h2>\n\n\n\n<h2 class=\"wp-block-heading\">zapomnia\u0142em o \u015bwietle prawdziwym<\/h2>\n\n\n\n<h2 class=\"wp-block-heading\">niechybnie zgin\u0105\u0142bym<\/h2>\n\n\n\n<h2 class=\"wp-block-heading\">gdyby nie twoja bolesna \u0142aska<\/h2>\n\n\n\n<h2 class=\"wp-block-heading\">i mi\u0142o\u015b\u0107<\/h2>\n\n\n\n<h2 class=\"wp-block-heading\">co ka\u017ce mi wstawa\u0107<\/h2>\n\n\n\n<h2 class=\"wp-block-heading\">i i\u015b\u0107 dalej<\/h2>\n\n\n\n<div style=\"height:100px\" aria-hidden=\"true\" class=\"wp-block-spacer\"><\/div>\n\n\n\n<p class=\"has-text-align-right\"><a href=\"http:\/\/suryn.pl\/index.php\/wiersze-wszystkie\/\">Wszystkie wiersze<\/a><\/p>\n","protected":false},"excerpt":{"rendered":"<p>Zapomnia\u0142em po co tu jestem i gdyby nie b\u00f3l i t\u0119sknota wi\u0119ksza od wszystkiego zgin\u0105\u0142bym marnie w \u015brodku piek\u0142a po\u017carty przez smoka b\u00f3l by\u0142 pos\u0142a\u0144cem od ojca ni\u00f3s\u0142 ostrze\u017cenie &#8211; synu, obud\u017a si\u0119, pami\u0119taj o misji! zapomnia\u0142em o klejnocie z kt\u00f3rym mia\u0142em wr\u00f3ci\u0107 omotany ciemno\u015bci\u0105 upojony winem i fa\u0142szywym blaskiem zapomnia\u0142em o \u015bwietle prawdziwym niechybnie zgin\u0105\u0142bym gdyby nie twoja bolesna &#8230;<\/p>\n","protected":false},"author":1,"featured_media":0,"parent":0,"menu_order":0,"comment_status":"closed","ping_status":"closed","template":"","meta":{"footnotes":""},"class_list":["post-2413","page","type-page","status-publish","hentry"],"_links":{"self":[{"href":"http:\/\/suryn.pl\/index.php\/wp-json\/wp\/v2\/pages\/2413","targetHints":{"allow":["GET"]}}],"collection":[{"href":"http:\/\/suryn.pl\/index.php\/wp-json\/wp\/v2\/pages"}],"about":[{"href":"http:\/\/suryn.pl\/index.php\/wp-json\/wp\/v2\/types\/page"}],"author":[{"embeddable":true,"href":"http:\/\/suryn.pl\/index.php\/wp-json\/wp\/v2\/users\/1"}],"replies":[{"embeddable":true,"href":"http:\/\/suryn.pl\/index.php\/wp-json\/wp\/v2\/comments?post=2413"}],"version-history":[{"count":2,"href":"http:\/\/suryn.pl\/index.php\/wp-json\/wp\/v2\/pages\/2413\/revisions"}],"predecessor-version":[{"id":2772,"href":"http:\/\/suryn.pl\/index.php\/wp-json\/wp\/v2\/pages\/2413\/revisions\/2772"}],"wp:attachment":[{"href":"http:\/\/suryn.pl\/index.php\/wp-json\/wp\/v2\/media?parent=2413"}],"curies":[{"name":"wp","href":"https:\/\/api.w.org\/{rel}","templated":true}]}}