{"id":1924,"date":"2021-10-13T23:46:28","date_gmt":"2021-10-13T21:46:28","guid":{"rendered":"http:\/\/suryn.pl\/?page_id=1924"},"modified":"2021-10-21T15:32:11","modified_gmt":"2021-10-21T13:32:11","slug":"1924-2","status":"publish","type":"page","link":"http:\/\/suryn.pl\/index.php\/1924-2\/","title":{"rendered":""},"content":{"rendered":"\n<p><\/p>\n\n\n\n<h2 class=\"wp-block-heading\"><strong>K<\/strong>arla\u0142em i karla\u0142em<\/h2>\n\n\n\n<h2 class=\"wp-block-heading\">o on r\u00f3s\u0142 i r\u00f3s\u0142<\/h2>\n\n\n\n<p><\/p>\n\n\n\n<h2 class=\"wp-block-heading\">dajmy na to ksi\u0119\u017cyc<\/h2>\n\n\n\n<h2 class=\"wp-block-heading\">unosi\u0142y si\u0119 wody<\/h2>\n\n\n\n<h2 class=\"wp-block-heading\">opada\u0142y s\u0142owa<\/h2>\n\n\n\n<h2 class=\"wp-block-heading\">dos\u0142ownie<\/h2>\n\n\n\n<h2 class=\"wp-block-heading\">nieustanny karnawa\u0142<\/h2>\n\n\n\n<h2 class=\"wp-block-heading\">ucieczka i pogo\u0144<\/h2>\n\n\n\n<p>cisza sta\u0142a si\u0119 zagro\u017ceniem<\/p>\n\n\n\n<h2 class=\"wp-block-heading\">warto\u015bciom przyklejono oczy<\/h2>\n\n\n\n<h2 class=\"wp-block-heading\">mo\u017ce by si\u0119 uda\u0142o<\/h2>\n\n\n\n<h2 class=\"wp-block-heading\">gdyby nie pami\u0119\u0107 i g\u0142\u00f3d<\/h2>\n\n\n\n<h2 class=\"wp-block-heading\">nie z tej ziemi<\/h2>\n\n\n\n<h2 class=\"wp-block-heading\">mo\u017ce by i wystarczy\u0142o<\/h2>\n\n\n\n<h2 class=\"wp-block-heading\">ale nie wystarcza<\/h2>\n\n\n\n<h2 class=\"wp-block-heading\">w tym raju ci\u0105gle w\u0105\u017c<\/h2>\n\n\n\n<h2 class=\"wp-block-heading\">a na niebie tarcza<\/h2>\n\n\n\n<h2 class=\"wp-block-heading\">bo\u017cego powo\u0142ania<\/h2>\n\n\n\n<div style=\"height:198px\" aria-hidden=\"true\" class=\"wp-block-spacer\"><\/div>\n\n\n\n<p class=\"has-text-align-right\"><a href=\"http:\/\/suryn.pl\/index.php\/wiersze-wszystkie\/\">Wszystkie wiersze<\/a><\/p>\n","protected":false},"excerpt":{"rendered":"<p>Karla\u0142em i karla\u0142em o on r\u00f3s\u0142 i r\u00f3s\u0142 dajmy na to ksi\u0119\u017cyc unosi\u0142y si\u0119 wody opada\u0142y s\u0142owa dos\u0142ownie nieustanny karnawa\u0142 ucieczka i pogo\u0144 cisza sta\u0142a si\u0119 zagro\u017ceniem warto\u015bciom przyklejono oczy mo\u017ce by si\u0119 uda\u0142o gdyby nie pami\u0119\u0107 i g\u0142\u00f3d nie z tej ziemi mo\u017ce by i wystarczy\u0142o ale nie wystarcza w tym raju ci\u0105gle w\u0105\u017c a na niebie tarcza bo\u017cego &#8230;<\/p>\n","protected":false},"author":1,"featured_media":0,"parent":0,"menu_order":0,"comment_status":"closed","ping_status":"closed","template":"","meta":{"footnotes":""},"class_list":["post-1924","page","type-page","status-publish","hentry"],"_links":{"self":[{"href":"http:\/\/suryn.pl\/index.php\/wp-json\/wp\/v2\/pages\/1924","targetHints":{"allow":["GET"]}}],"collection":[{"href":"http:\/\/suryn.pl\/index.php\/wp-json\/wp\/v2\/pages"}],"about":[{"href":"http:\/\/suryn.pl\/index.php\/wp-json\/wp\/v2\/types\/page"}],"author":[{"embeddable":true,"href":"http:\/\/suryn.pl\/index.php\/wp-json\/wp\/v2\/users\/1"}],"replies":[{"embeddable":true,"href":"http:\/\/suryn.pl\/index.php\/wp-json\/wp\/v2\/comments?post=1924"}],"version-history":[{"count":5,"href":"http:\/\/suryn.pl\/index.php\/wp-json\/wp\/v2\/pages\/1924\/revisions"}],"predecessor-version":[{"id":2578,"href":"http:\/\/suryn.pl\/index.php\/wp-json\/wp\/v2\/pages\/1924\/revisions\/2578"}],"wp:attachment":[{"href":"http:\/\/suryn.pl\/index.php\/wp-json\/wp\/v2\/media?parent=1924"}],"curies":[{"name":"wp","href":"https:\/\/api.w.org\/{rel}","templated":true}]}}